{"id":3995,"date":"2023-04-11T17:09:11","date_gmt":"2023-04-11T15:09:11","guid":{"rendered":"https:\/\/ambberna.esteri.it\/news\/"},"modified":"2023-11-21T14:54:15","modified_gmt":"2023-11-21T12:54:15","slug":"news","status":"publish","type":"page","link":"https:\/\/ambberna.esteri.it\/de\/news\/","title":{"rendered":"Nachrichten"},"content":{"rendered":"        <div class=\"row\">\n\t\t\t<!-- Ricerca sedi post -->\n\t\t\t<div class=\"col-12 mt-4\">\n\t\t\t  <div class=\"callout callout-highlight note ricerca-esteri p-4\">\n                    <div class=\"callout-title\">\n                        <svg class=\"icon\">\n                            <use xlink:href=\"https:\/\/ambberna.esteri.it\/wp-content\/themes\/sedi-tema\/assets\/svg\/sprites.svg#it-search\"><\/use>\n                        <\/svg>Geben Sie Ihre Suchparameter ein                    <\/div>\n                    <form id=\"searchFormPost\" name=\"form-search-post\" class=\"form-row align-items-center\" action=\"https:\/\/ambberna.esteri.it\/de\/wp-json\/wp\/v2\/pages\/3995\/\" method=\"GET\"> \n                        <!-- <div class=\"form-group pt-5\"> -->\n                            <!-- <input type=\"hidden\" id=\"lang\" name=\"lang\" value=\"\"> --> <!-- <\/div> -->\n\n                        <div class=\"it-datepicker-wrapper\">\n                            <div class=\"row\">\n                                <div class=\"form-group col-md-6\">\n                                    <label class=\"active\" for=\"date-init\">Von dem<\/label>\n                                    <input class=\"form-control\" name=\"date-init\" id=\"date-init\" type=\"date\" placeholder=\"gg\/mm\/aaaa\" value=\"\"lang=\"en-EN\">  \n                                <\/div>\n                                <div class=\"form-group col-md-6\">\n                                    <label class=\"active\" for=\"date-end\">Zum<\/label>\n                                    <input class=\"form-control\" name=\"date-end\" id=\"date-end\" type=\"date\" placeholder=\"gg\/mm\/aaaa\" value=\"\">\n                                <\/div>\n                            <\/div>\n                        <\/div>\n                        <div class=\"form-group col-md-12 mt-3\">\n                            <label for=\"searchText\">Freies Suchfeld<\/label>\n                            <input type=\"text\" name=\"searchText\" class=\"form-control\" id=\"searchText\" value=\"\">\n                        <\/div>\n                        <div class=\"form-group col-md-4 offset-md-8 text-end\">\n                            <a href=\"https:\/\/ambberna.esteri.it\/de\/news\/\" title=\"Form reset\" id=\"resetImput\" class=\"btn btn-outline-primary btn-xs\">Reset<\/a>\n                            <button type=\"submit\" class=\"btn btn-primary btn-xs\">Zeige Ergebnisse<\/button>\n                        <\/div>\n                    <\/form>\n\t\t\t\t<\/div>\n\t\t\t<\/div>\n\t\t<\/div>\n                    \n            <div class=\"row\">\n                            <div class=\"col-12 mt-3\">\n                <!--start card-->\n                <div class=\"card-wrapper card-space\">\n                    <div class=\"card card-bg card-big border-bottom-card\">\n                        <div class=\"card-body \">\n                                                        <div class=\"category-top\">\n                                                                                                            <span class=\"\">\n                                        <svg class=\"icon icon-secondary\">\n                                            <use xlink:href=\"https:\/\/ambberna.esteri.it\/wp-content\/themes\/sedi-tema\/assets\/svg\/sprites.svg#it-calendar\"><\/use>\n                                        <\/svg> 14 August 2025                                    <\/span>\n                                                                    <\/div>\n                            <h5 class=\"card-title big-heading text-uppercase\"><a class=\"text-body text-decoration-none\" href=\"https:\/\/ambberna.esteri.it\/de\/news\/dall_ambasciata\/2025\/08\/treffen-zwischen-dem-italienischen-botschafter-in-der-schweiz-gian-lorenzo-cornado-und-dem-leiter-des-eidgenoessischen-departements-fuer-verteidigung-bevoelkerungsschutz-und-sport-bundesraet-marti\/\" title=\"TREFFEN ZWISCHEN DEM ITALIENISCHEN BOTSCHAFTER IN DER SCHWEIZ, GIAN LORENZO CORNADO, UND DEM LEITER DES EIDGEN\u00d6SSISCHEN DEPARTEMENTS F\u00dcR VERTEIDIGUNG, BEV\u00d6LKERUNGSSCHUTZ UND SPORT, BUNDESR\u00c4T MARTIN PFISTER\">TREFFEN ZWISCHEN DEM ITALIENISCHEN BOTSCHAFTER IN DER SCHWEIZ, GIAN LORENZO CORNADO, UND DEM LEITER DES EIDGEN\u00d6SSISCHEN DEPARTEMENTS F\u00dcR VERTEIDIGUNG, BEV\u00d6LKERUNGSSCHUTZ UND SPORT, BUNDESR\u00c4T MARTIN PFISTER<\/a><\/h5>\n                            <p class=\"card-text\">Der Italienische Botschafter in der Schweiz, Gian Lorenzo Cornado, wurde heute, am 14. August, von Bundesrat Martin Pfister, Vorsteher des Eidgen\u00f6ssischen Departements f\u00fcr Verteidigung, Bev\u00f6lkerungsschutz und Sport, empfangen. Botschafter Cornado, der von General LB. Girolamo Iadicicco, Verteidigungsattach\u00e9 in der Schweiz, begleitet wurde, unterstrich den Erfolg des bilateralen Treffens zwischen Bundesrat Pfister und Verteidigungsminister Crosetto am [&hellip;]<\/p>\n                                <a title=\"TREFFEN ZWISCHEN DEM ITALIENISCHEN BOTSCHAFTER IN DER SCHWEIZ, GIAN LORENZO CORNADO, UND DEM LEITER DES EIDGEN\u00d6SSISCHEN DEPARTEMENTS F\u00dcR VERTEIDIGUNG, BEV\u00d6LKERUNGSSCHUTZ UND SPORT, BUNDESR\u00c4T MARTIN PFISTER\" class=\"read-more\" href=\"https:\/\/ambberna.esteri.it\/de\/news\/dall_ambasciata\/2025\/08\/treffen-zwischen-dem-italienischen-botschafter-in-der-schweiz-gian-lorenzo-cornado-und-dem-leiter-des-eidgenoessischen-departements-fuer-verteidigung-bevoelkerungsschutz-und-sport-bundesraet-marti\/\">\n                                    <span class=\"text\">Weiterlesen<\/span>\n                                    <svg class=\"icon\">\n                                    <use xlink:href=\"https:\/\/ambberna.esteri.it\/wp-content\/themes\/sedi-tema\/assets\/svg\/sprites.svg#it-arrow-right\"><\/use>\n                                    <\/svg>\n                                <\/a>\n                                                    <\/div>\n                    <\/div>\n                <\/div>\n                <!--end card-->\n                <\/div><!-- col-12 .mt-3-->\n                            <div class=\"col-12 mt-3\">\n                <!--start card-->\n                <div class=\"card-wrapper card-space\">\n                    <div class=\"card card-bg card-big border-bottom-card\">\n                        <div class=\"card-body \">\n                                                        <div class=\"category-top\">\n                                                                                                            <span class=\"\">\n                                        <svg class=\"icon icon-secondary\">\n                                            <use xlink:href=\"https:\/\/ambberna.esteri.it\/wp-content\/themes\/sedi-tema\/assets\/svg\/sprites.svg#it-calendar\"><\/use>\n                                        <\/svg> 3 Februar 2025                                    <\/span>\n                                                                    <\/div>\n                            <h5 class=\"card-title big-heading text-uppercase\"><a class=\"text-body text-decoration-none\" href=\"https:\/\/ambberna.esteri.it\/de\/news\/dall_ambasciata\/2025\/02\/italien-in-10-selfieseine-wirtschaft-bei-der-der-mensch-im-mittelpunkt-steht-und-die-zum-aufbau-der-zukunft-beitraegt\/\" title=\"&#8222;Italien in 10 Selfies.Eine Wirtschaft, bei der der Mensch im Mittelpunkt steht und die zum Aufbau der Zukunft beitr\u00e4gt&#8220;\">&#8222;Italien in 10 Selfies.Eine Wirtschaft, bei der der Mensch im Mittelpunkt steht und die zum Aufbau der Zukunft beitr\u00e4gt&#8220;<\/a><\/h5>\n                            <p class=\"card-text\">Italien in 10 Selfies.Eine Wirtschaft, bei der der Mensch im Mittelpunkt steht und die zum Aufbau der Zukunft beitr\u00e4gt.<\/p>\n                                <a title=\"&#8222;Italien in 10 Selfies.Eine Wirtschaft, bei der der Mensch im Mittelpunkt steht und die zum Aufbau der Zukunft beitr\u00e4gt&#8220;\" class=\"read-more\" href=\"https:\/\/ambberna.esteri.it\/de\/news\/dall_ambasciata\/2025\/02\/italien-in-10-selfieseine-wirtschaft-bei-der-der-mensch-im-mittelpunkt-steht-und-die-zum-aufbau-der-zukunft-beitraegt\/\">\n                                    <span class=\"text\">Weiterlesen<\/span>\n                                    <svg class=\"icon\">\n                                    <use xlink:href=\"https:\/\/ambberna.esteri.it\/wp-content\/themes\/sedi-tema\/assets\/svg\/sprites.svg#it-arrow-right\"><\/use>\n                                    <\/svg>\n                                <\/a>\n                                                    <\/div>\n                    <\/div>\n                <\/div>\n                <!--end card-->\n                <\/div><!-- col-12 .mt-3-->\n                            <div class=\"col-12 mt-3\">\n                <!--start card-->\n                <div class=\"card-wrapper card-space\">\n                    <div class=\"card card-bg card-big border-bottom-card\">\n                        <div class=\"card-body \">\n                                                        <div class=\"category-top\">\n                                                                                                            <span class=\"\">\n                                        <svg class=\"icon icon-secondary\">\n                                            <use xlink:href=\"https:\/\/ambberna.esteri.it\/wp-content\/themes\/sedi-tema\/assets\/svg\/sprites.svg#it-calendar\"><\/use>\n                                        <\/svg> 20 August 2024                                    <\/span>\n                                                                    <\/div>\n                            <h5 class=\"card-title big-heading text-uppercase\"><a class=\"text-body text-decoration-none\" href=\"https:\/\/ambberna.esteri.it\/de\/news\/dall_ambasciata\/2024\/08\/incontro-tra-lambasciatore-ditalia-in-svizzera-gian-lorenzo-cornado-e-il-capo-del-dipartimento-federale-dellinterno-elisabeth-baume-schneider\/\" title=\"TREFFEN ZWISCHEN DEM ITALIENISCHEN BOTSCHAFTER IN DER SCHWEIZ GIAN LORENZO CORNADO UND DER VORSTEHERIN DES EIDGEN\u00d6SSISCHEN DEPARTEMENTS DES INNERN ELISABETH BAUME-SCHNEIDER\">TREFFEN ZWISCHEN DEM ITALIENISCHEN BOTSCHAFTER IN DER SCHWEIZ GIAN LORENZO CORNADO UND DER VORSTEHERIN DES EIDGEN\u00d6SSISCHEN DEPARTEMENTS DES INNERN ELISABETH BAUME-SCHNEIDER<\/a><\/h5>\n                            <p class=\"card-text\">Der Italienische Botschafter in der Schweiz, Gian Lorenzo Cornado, wurde am 19. August von Bundesr\u00e4tin Elisabeth Baume-Schneider, Vorsteherin des Eidgen\u00f6ssischen Departements des Innern, der f\u00fcr Kultur, Gesundheit und Sozialversicherungen zust\u00e4ndigen Verwaltung, empfangen. W\u00e4hrend des Gespr\u00e4chs zogen Botschafter Cornado und Bundesr\u00e4tin Baume-Schneider Bilanz \u00fcber die ausgezeichnete Zusammenarbeit zwischen den beiden L\u00e4ndern in den oben genannten Bereichen. [&hellip;]<\/p>\n                                <a title=\"TREFFEN ZWISCHEN DEM ITALIENISCHEN BOTSCHAFTER IN DER SCHWEIZ GIAN LORENZO CORNADO UND DER VORSTEHERIN DES EIDGEN\u00d6SSISCHEN DEPARTEMENTS DES INNERN ELISABETH BAUME-SCHNEIDER\" class=\"read-more\" href=\"https:\/\/ambberna.esteri.it\/de\/news\/dall_ambasciata\/2024\/08\/incontro-tra-lambasciatore-ditalia-in-svizzera-gian-lorenzo-cornado-e-il-capo-del-dipartimento-federale-dellinterno-elisabeth-baume-schneider\/\">\n                                    <span class=\"text\">Weiterlesen<\/span>\n                                    <svg class=\"icon\">\n                                    <use xlink:href=\"https:\/\/ambberna.esteri.it\/wp-content\/themes\/sedi-tema\/assets\/svg\/sprites.svg#it-arrow-right\"><\/use>\n                                    <\/svg>\n                                <\/a>\n                                                    <\/div>\n                    <\/div>\n                <\/div>\n                <!--end card-->\n                <\/div><!-- col-12 .mt-3-->\n                            <div class=\"col-12 mt-3\">\n                <!--start card-->\n                <div class=\"card-wrapper card-space\">\n                    <div class=\"card card-bg card-big border-bottom-card\">\n                        <div class=\"card-body \">\n                                                        <div class=\"category-top\">\n                                                                                                            <span class=\"\">\n                                        <svg class=\"icon icon-secondary\">\n                                            <use xlink:href=\"https:\/\/ambberna.esteri.it\/wp-content\/themes\/sedi-tema\/assets\/svg\/sprites.svg#it-calendar\"><\/use>\n                                        <\/svg> 4 Juli 2024                                    <\/span>\n                                                                    <\/div>\n                            <h5 class=\"card-title big-heading text-uppercase\"><a class=\"text-body text-decoration-none\" href=\"https:\/\/ambberna.esteri.it\/de\/news\/dall_ambasciata\/2024\/07\/treffen-zwischen-dem-italienischen-botschafter-in-der-schweiz-gian-lorenzo-cornado-und-dem-vorsteher-des-eidgenoessischen-justiz-und-polizeidepartements-beat-jans\/\" title=\"TREFFEN ZWISCHEN DEM ITALIENISCHEN BOTSCHAFTER IN DER SCHWEIZ  GIAN LORENZO CORNADO UND DEM VORSTEHER DES EIDGEN\u00d6SSISCHEN JUSTIZ- UND POLIZEIDEPARTEMENTS BEAT JANS\">TREFFEN ZWISCHEN DEM ITALIENISCHEN BOTSCHAFTER IN DER SCHWEIZ  GIAN LORENZO CORNADO UND DEM VORSTEHER DES EIDGEN\u00d6SSISCHEN JUSTIZ- UND POLIZEIDEPARTEMENTS BEAT JANS<\/a><\/h5>\n                            <p class=\"card-text\">Der Italienische Botschafter in der Schweiz, Gian Lorenzo Cornado, wurde heute am 4. Juli vom Bundesrat Beat Jans, Vorsteher des Eidgen\u00f6ssischen Justiz- und Polizeidepartements, empfangen. W\u00e4hrend des Treffens haben Botschafter Cornado und Bundesrat Jans die ausgezeichnete Zusammenarbeit zwischen den Polizeikr\u00e4ften der beiden L\u00e4nder bei der Bek\u00e4mpfung des Terrorismus, der organisierten Kriminalit\u00e4t, der allgemeinen Kriminalit\u00e4t und [&hellip;]<\/p>\n                                <a title=\"TREFFEN ZWISCHEN DEM ITALIENISCHEN BOTSCHAFTER IN DER SCHWEIZ  GIAN LORENZO CORNADO UND DEM VORSTEHER DES EIDGEN\u00d6SSISCHEN JUSTIZ- UND POLIZEIDEPARTEMENTS BEAT JANS\" class=\"read-more\" href=\"https:\/\/ambberna.esteri.it\/de\/news\/dall_ambasciata\/2024\/07\/treffen-zwischen-dem-italienischen-botschafter-in-der-schweiz-gian-lorenzo-cornado-und-dem-vorsteher-des-eidgenoessischen-justiz-und-polizeidepartements-beat-jans\/\">\n                                    <span class=\"text\">Weiterlesen<\/span>\n                                    <svg class=\"icon\">\n                                    <use xlink:href=\"https:\/\/ambberna.esteri.it\/wp-content\/themes\/sedi-tema\/assets\/svg\/sprites.svg#it-arrow-right\"><\/use>\n                                    <\/svg>\n                                <\/a>\n                                                    <\/div>\n                    <\/div>\n                <\/div>\n                <!--end card-->\n                <\/div><!-- col-12 .mt-3-->\n                            <div class=\"col-12 mt-3\">\n                <!--start card-->\n                <div class=\"card-wrapper card-space\">\n                    <div class=\"card card-bg card-big border-bottom-card\">\n                        <div class=\"card-body \">\n                                                        <div class=\"category-top\">\n                                                                                                            <span class=\"\">\n                                        <svg class=\"icon icon-secondary\">\n                                            <use xlink:href=\"https:\/\/ambberna.esteri.it\/wp-content\/themes\/sedi-tema\/assets\/svg\/sprites.svg#it-calendar\"><\/use>\n                                        <\/svg> 4 M\u00e4rz 2024                                    <\/span>\n                                                                    <\/div>\n                            <h5 class=\"card-title big-heading text-uppercase\"><a class=\"text-body text-decoration-none\" href=\"https:\/\/ambberna.esteri.it\/de\/news\/dall_ambasciata\/2024\/03\/botschafter-gian-lorenzo-cornado-ueberreichte-das-beglaubigungsschreiben-an-s-d-erbprinz-alois-von-liechtenstein\/\" title=\"BOTSCHAFTER GIAN LORENZO CORNADO \u00dcBERREICHTE DAS BEGLAUBIGUNGSSCHREIBEN AN S.D. ERBPRINZ ALOIS VON LIECHTENSTEIN\">BOTSCHAFTER GIAN LORENZO CORNADO \u00dcBERREICHTE DAS BEGLAUBIGUNGSSCHREIBEN AN S.D. ERBPRINZ ALOIS VON LIECHTENSTEIN<\/a><\/h5>\n                            <p class=\"card-text\">Botschafter Gian Lorenzo Cornado \u00fcberreichte heute im Schloss Vaduz das Beglaubigungsschreiben an S.D. Erbprinz Alois von Liechtenstein. W\u00e4hrend des Gespr\u00e4chs, das am Rande der Zeremonie stattfand, \u00fcberbrachte Botschafter Cornado dem Souver\u00e4n die Gr\u00fcsse des Pr\u00e4sidenten der Republik Sergio Mattarella, unterstrich die hervorragenden Beziehungen zwischen Italien und Liechtenstein sowohl auf bilateraler als auch auf multilateraler Ebene [&hellip;]<\/p>\n                                <a title=\"BOTSCHAFTER GIAN LORENZO CORNADO \u00dcBERREICHTE DAS BEGLAUBIGUNGSSCHREIBEN AN S.D. ERBPRINZ ALOIS VON LIECHTENSTEIN\" class=\"read-more\" href=\"https:\/\/ambberna.esteri.it\/de\/news\/dall_ambasciata\/2024\/03\/botschafter-gian-lorenzo-cornado-ueberreichte-das-beglaubigungsschreiben-an-s-d-erbprinz-alois-von-liechtenstein\/\">\n                                    <span class=\"text\">Weiterlesen<\/span>\n                                    <svg class=\"icon\">\n                                    <use xlink:href=\"https:\/\/ambberna.esteri.it\/wp-content\/themes\/sedi-tema\/assets\/svg\/sprites.svg#it-arrow-right\"><\/use>\n                                    <\/svg>\n                                <\/a>\n                                                    <\/div>\n                    <\/div>\n                <\/div>\n                <!--end card-->\n                <\/div><!-- col-12 .mt-3-->\n                            <div class=\"col-12 mt-3\">\n                <!--start card-->\n                <div class=\"card-wrapper card-space\">\n                    <div class=\"card card-bg card-big border-bottom-card\">\n                        <div class=\"card-body \">\n                                                        <div class=\"category-top\">\n                                                                                                            <span class=\"\">\n                                        <svg class=\"icon icon-secondary\">\n                                            <use xlink:href=\"https:\/\/ambberna.esteri.it\/wp-content\/themes\/sedi-tema\/assets\/svg\/sprites.svg#it-calendar\"><\/use>\n                                        <\/svg> 16 Februar 2024                                    <\/span>\n                                                                    <\/div>\n                            <h5 class=\"card-title big-heading text-uppercase\"><a class=\"text-body text-decoration-none\" href=\"https:\/\/ambberna.esteri.it\/de\/news\/dall_ambasciata\/2024\/02\/treffen-zwischen-dem-italienischen-botschafter-in-der-schweiz-gian-lorenzo-cornado-und-dem-praesidenten-des-nationalrats-eric-nussbaumer\/\" title=\"TREFFEN ZWISCHEN DEM ITALIENISCHEN BOTSCHAFTER IN DER SCHWEIZ GIAN LORENZO CORNADO UND DEM PR\u00c4SIDENTEN DES NATIONALRATS ERIC NUSSBAUMER\">TREFFEN ZWISCHEN DEM ITALIENISCHEN BOTSCHAFTER IN DER SCHWEIZ GIAN LORENZO CORNADO UND DEM PR\u00c4SIDENTEN DES NATIONALRATS ERIC NUSSBAUMER<\/a><\/h5>\n                            <p class=\"card-text\">Botschafter Gian Lorenzo Cornado wurde heute im Bundeshaus vom Pr\u00e4sidenten des Nationalrats Eric Nussbaumer empfangen. W\u00e4hrend des freundlichen Gespr\u00e4chs er\u00f6rterten Botschafter Cornado und Pr\u00e4sident Nussbaumer die wichtigsten Themen von bilateralem Interesse, einschliesslich der Zusammenarbeit zwischen den Parlamenten der beiden L\u00e4nder, der grenz\u00fcberschreitende Dialog und die Beziehungen zwischen der Schweiz und der Europ\u00e4ischen Union.<\/p>\n                                <a title=\"TREFFEN ZWISCHEN DEM ITALIENISCHEN BOTSCHAFTER IN DER SCHWEIZ GIAN LORENZO CORNADO UND DEM PR\u00c4SIDENTEN DES NATIONALRATS ERIC NUSSBAUMER\" class=\"read-more\" href=\"https:\/\/ambberna.esteri.it\/de\/news\/dall_ambasciata\/2024\/02\/treffen-zwischen-dem-italienischen-botschafter-in-der-schweiz-gian-lorenzo-cornado-und-dem-praesidenten-des-nationalrats-eric-nussbaumer\/\">\n                                    <span class=\"text\">Weiterlesen<\/span>\n                                    <svg class=\"icon\">\n                                    <use xlink:href=\"https:\/\/ambberna.esteri.it\/wp-content\/themes\/sedi-tema\/assets\/svg\/sprites.svg#it-arrow-right\"><\/use>\n                                    <\/svg>\n                                <\/a>\n                                                    <\/div>\n                    <\/div>\n                <\/div>\n                <!--end card-->\n                <\/div><!-- col-12 .mt-3-->\n                            <div class=\"col-12 mt-3\">\n                <!--start card-->\n                <div class=\"card-wrapper card-space\">\n                    <div class=\"card card-bg card-big border-bottom-card\">\n                        <div class=\"card-body \">\n                                                        <div class=\"category-top\">\n                                                                                                            <span class=\"\">\n                                        <svg class=\"icon icon-secondary\">\n                                            <use xlink:href=\"https:\/\/ambberna.esteri.it\/wp-content\/themes\/sedi-tema\/assets\/svg\/sprites.svg#it-calendar\"><\/use>\n                                        <\/svg> 31 Januar 2024                                    <\/span>\n                                                                    <\/div>\n                            <h5 class=\"card-title big-heading text-uppercase\"><a class=\"text-body text-decoration-none\" href=\"https:\/\/ambberna.esteri.it\/de\/news\/dall_ambasciata\/2024\/01\/erste-sitzung-von-sistema-italia-in-der-schweiz\/\" title=\"ERSTE SITZUNG VON SISTEMA ITALIA IN DER SCHWEIZ\">ERSTE SITZUNG VON SISTEMA ITALIA IN DER SCHWEIZ<\/a><\/h5>\n                            <p class=\"card-text\">Am 30. Januar fand in Bern die erste Sitzung von Sistema Italia in der Schweiz statt, an der die f\u00fcr die F\u00f6rderung der italienischen Pr\u00e4senz in der Eidgenossenschaft zust\u00e4ndigen Organisationen teilnahmen. An der Sitzung nahmen die Generalkonsuln Italiens in Lugano und Genf, die Konsuln in Basel und Z\u00fcrich, der Direktor des Italienischen Kulturinstituts in Z\u00fcrich, [&hellip;]<\/p>\n                                <a title=\"ERSTE SITZUNG VON SISTEMA ITALIA IN DER SCHWEIZ\" class=\"read-more\" href=\"https:\/\/ambberna.esteri.it\/de\/news\/dall_ambasciata\/2024\/01\/erste-sitzung-von-sistema-italia-in-der-schweiz\/\">\n                                    <span class=\"text\">Weiterlesen<\/span>\n                                    <svg class=\"icon\">\n                                    <use xlink:href=\"https:\/\/ambberna.esteri.it\/wp-content\/themes\/sedi-tema\/assets\/svg\/sprites.svg#it-arrow-right\"><\/use>\n                                    <\/svg>\n                                <\/a>\n                                                    <\/div>\n                    <\/div>\n                <\/div>\n                <!--end card-->\n                <\/div><!-- col-12 .mt-3-->\n                            <div class=\"col-12 mt-3\">\n                <!--start card-->\n                <div class=\"card-wrapper card-space\">\n                    <div class=\"card card-bg card-big border-bottom-card\">\n                        <div class=\"card-body \">\n                                                        <div class=\"category-top\">\n                                                                                                            <span class=\"\">\n                                        <svg class=\"icon icon-secondary\">\n                                            <use xlink:href=\"https:\/\/ambberna.esteri.it\/wp-content\/themes\/sedi-tema\/assets\/svg\/sprites.svg#it-calendar\"><\/use>\n                                        <\/svg> 30 Januar 2024                                    <\/span>\n                                                                    <\/div>\n                            <h5 class=\"card-title big-heading text-uppercase\"><a class=\"text-body text-decoration-none\" href=\"https:\/\/ambberna.esteri.it\/de\/news\/dall_ambasciata\/2024\/01\/treffen-zwischen-dem-italienischen-botschafter-in-der-schweiz-gian-lorenzo-cornado-und-der-leiterin-des-eidgenoessischen-finanzdepartement-karin-keller-sutter\/\" title=\"TREFFEN ZWISCHEN DEM ITALIENISCHEN BOTSCHAFTER IN DER SCHWEIZ, GIAN LORENZO CORNADO, UND DER LEITERIN DES EIDGEN\u00d6SSISCHEN FINANZDEPARTEMENTS KARIN KELLER-SUTTER\">TREFFEN ZWISCHEN DEM ITALIENISCHEN BOTSCHAFTER IN DER SCHWEIZ, GIAN LORENZO CORNADO, UND DER LEITERIN DES EIDGEN\u00d6SSISCHEN FINANZDEPARTEMENTS KARIN KELLER-SUTTER<\/a><\/h5>\n                            <p class=\"card-text\">Der Italienische Botschafter in der Schweiz Gian Lorenzo Cornado wurde heute von Bundesr\u00e4tin Karin Keller-Sutter, Vorsteherin des Eidgen\u00f6ssischen Finanzdepartements, empfangen. W\u00e4hrend des Treffens er\u00f6rterten die Bundesr\u00e4tin und der Botschafter die wichtigsten Fragen von bilateralem Interesse, darunter Telearbeit f\u00fcr Grenzg\u00e4nger, die Schwellenwerte f\u00fcr die Befreiung von der Zahlung der schweizerischen Mehrwertsteuer und die R\u00fcckerstattung der italienischen [&hellip;]<\/p>\n                                <a title=\"TREFFEN ZWISCHEN DEM ITALIENISCHEN BOTSCHAFTER IN DER SCHWEIZ, GIAN LORENZO CORNADO, UND DER LEITERIN DES EIDGEN\u00d6SSISCHEN FINANZDEPARTEMENTS KARIN KELLER-SUTTER\" class=\"read-more\" href=\"https:\/\/ambberna.esteri.it\/de\/news\/dall_ambasciata\/2024\/01\/treffen-zwischen-dem-italienischen-botschafter-in-der-schweiz-gian-lorenzo-cornado-und-der-leiterin-des-eidgenoessischen-finanzdepartement-karin-keller-sutter\/\">\n                                    <span class=\"text\">Weiterlesen<\/span>\n                                    <svg class=\"icon\">\n                                    <use xlink:href=\"https:\/\/ambberna.esteri.it\/wp-content\/themes\/sedi-tema\/assets\/svg\/sprites.svg#it-arrow-right\"><\/use>\n                                    <\/svg>\n                                <\/a>\n                                                    <\/div>\n                    <\/div>\n                <\/div>\n                <!--end card-->\n                <\/div><!-- col-12 .mt-3-->\n                            <div class=\"col-12 mt-3\">\n                <!--start card-->\n                <div class=\"card-wrapper card-space\">\n                    <div class=\"card card-bg card-big border-bottom-card\">\n                        <div class=\"card-body \">\n                                                        <div class=\"category-top\">\n                                                                                                            <span class=\"\">\n                                        <svg class=\"icon icon-secondary\">\n                                            <use xlink:href=\"https:\/\/ambberna.esteri.it\/wp-content\/themes\/sedi-tema\/assets\/svg\/sprites.svg#it-calendar\"><\/use>\n                                        <\/svg> 24 Januar 2024                                    <\/span>\n                                                                    <\/div>\n                            <h5 class=\"card-title big-heading text-uppercase\"><a class=\"text-body text-decoration-none\" href=\"https:\/\/ambberna.esteri.it\/de\/news\/dall_ambasciata\/2024\/01\/corsi-di-lingua-e-cultura\/\" title=\"SPRACH- UND KULTURKURSE\">SPRACH- UND KULTURKURSE<\/a><\/h5>\n                            <p class=\"card-text\">ES IST ZEIT F\u00dcR DIE ANMELDUNGEN! Auch in diesem Jahr werden die Anmeldungen f\u00fcr die Kurse der italienischen Sprache und Kultur \u00fcber das Kursportal erfolgen. Der Anmeldeschluss ist der 31.03.2024. Hier ist der Link: BERN\/ONLINE-ANMELDUNG Die Familien der Kinder, die bereits an den Kursen teilnehmen, m\u00fcssen ihre Anmeldung f\u00fcr das n\u00e4chste Schuljahr best\u00e4tigen. Das Verfahren [&hellip;]<\/p>\n                                <a title=\"SPRACH- UND KULTURKURSE\" class=\"read-more\" href=\"https:\/\/ambberna.esteri.it\/de\/news\/dall_ambasciata\/2024\/01\/corsi-di-lingua-e-cultura\/\">\n                                    <span class=\"text\">Weiterlesen<\/span>\n                                    <svg class=\"icon\">\n                                    <use xlink:href=\"https:\/\/ambberna.esteri.it\/wp-content\/themes\/sedi-tema\/assets\/svg\/sprites.svg#it-arrow-right\"><\/use>\n                                    <\/svg>\n                                <\/a>\n                                                    <\/div>\n                    <\/div>\n                <\/div>\n                <!--end card-->\n                <\/div><!-- col-12 .mt-3-->\n                            <div class=\"col-12 mt-3\">\n                <!--start card-->\n                <div class=\"card-wrapper card-space\">\n                    <div class=\"card card-bg card-big border-bottom-card\">\n                        <div class=\"card-body \">\n                                                        <div class=\"category-top\">\n                                                                                                            <span class=\"\">\n                                        <svg class=\"icon icon-secondary\">\n                                            <use xlink:href=\"https:\/\/ambberna.esteri.it\/wp-content\/themes\/sedi-tema\/assets\/svg\/sprites.svg#it-calendar\"><\/use>\n                                        <\/svg> 24 November 2023                                    <\/span>\n                                                                    <\/div>\n                            <h5 class=\"card-title big-heading text-uppercase\"><a class=\"text-body text-decoration-none\" href=\"https:\/\/ambberna.esteri.it\/de\/news\/dall_ambasciata\/2023\/11\/treffen-zwischen-dem-italienischen-botschafter-in-der-schweiz-gian-lorenzo-cornado-und-der-vizepraesidentin-des-budesrates-und-leitet-das-eidgenoessische-department-fuer-verteidigung-viola-amherd\/\" title=\"TREFFEN ZWISCHEN DEM ITALIENISCHEN BOTSCHAFTER IN DER SCHWEIZ, GIAN LORENZO CORNADO, UND DER VIZEPR\u00c4SIDENTIN DES BUNDESRATES UND CHEFIN DES EIDGEN\u00d6SSISCHEN DEPARTMENTS F\u00dcR VERTEIDIGUNG, BEV\u00d6LKERUNGSSCHUTZ UND SPORT VIOLA AMHERD\">TREFFEN ZWISCHEN DEM ITALIENISCHEN BOTSCHAFTER IN DER SCHWEIZ, GIAN LORENZO CORNADO, UND DER VIZEPR\u00c4SIDENTIN DES BUNDESRATES UND CHEFIN DES EIDGEN\u00d6SSISCHEN DEPARTMENTS F\u00dcR VERTEIDIGUNG, BEV\u00d6LKERUNGSSCHUTZ UND SPORT VIOLA AMHERD<\/a><\/h5>\n                            <p class=\"card-text\">Der Italienische Botschafter in der Schweiz, Gian Lorenzo Cornado, wurde heute, am 24. November, von Bundesr\u00e4tin Viola Amherd, Vizepr\u00e4sidentin des Bundesrates und Chefin des Eidgen\u00f6ssischen Departments f\u00fcr Verteidigung, Bev\u00f6lkerungsschutz und Sport empfangen. Botschafter Cornado bedankte sich ausdr\u00fccklich bei Bundesr\u00e4tin Amherd f\u00fcr den Empfang des Verteidigungsministers Crosetto anl\u00e4sslich seines Besuches in Bern am 17. Oktober und [&hellip;]<\/p>\n                                <a title=\"TREFFEN ZWISCHEN DEM ITALIENISCHEN BOTSCHAFTER IN DER SCHWEIZ, GIAN LORENZO CORNADO, UND DER VIZEPR\u00c4SIDENTIN DES BUNDESRATES UND CHEFIN DES EIDGEN\u00d6SSISCHEN DEPARTMENTS F\u00dcR VERTEIDIGUNG, BEV\u00d6LKERUNGSSCHUTZ UND SPORT VIOLA AMHERD\" class=\"read-more\" href=\"https:\/\/ambberna.esteri.it\/de\/news\/dall_ambasciata\/2023\/11\/treffen-zwischen-dem-italienischen-botschafter-in-der-schweiz-gian-lorenzo-cornado-und-der-vizepraesidentin-des-budesrates-und-leitet-das-eidgenoessische-department-fuer-verteidigung-viola-amherd\/\">\n                                    <span class=\"text\">Weiterlesen<\/span>\n                                    <svg class=\"icon\">\n                                    <use xlink:href=\"https:\/\/ambberna.esteri.it\/wp-content\/themes\/sedi-tema\/assets\/svg\/sprites.svg#it-arrow-right\"><\/use>\n                                    <\/svg>\n                                <\/a>\n                                                    <\/div>\n                    <\/div>\n                <\/div>\n                <!--end card-->\n                <\/div><!-- col-12 .mt-3-->\n            \n            <div class=\"col-md-12 mt-4 pb-4\">\n                <nav class=\"navigation col-md-12\" aria-label=\"Navigation\">\n                    <h2 class=\"screen-reader-text visually-hidden\">Seitennummerierung<\/h2>\n                    <div class=\"nav-links\">\n                    <span aria-current=\"page\" class=\"page-numbers current\">1<\/span>\n<a class=\"page-numbers\" href=\"https:\/\/ambberna.esteri.it\/de\/wp-json\/wp\/v2\/pages\/3995\/?pag=2\">2<\/a>\n<a class=\"next page-numbers\" href=\"https:\/\/ambberna.esteri.it\/de\/wp-json\/wp\/v2\/pages\/3995\/?pag=2\"><svg class=\"icon icon-primary\"><use xlink:href=\"https:\/\/ambberna.esteri.it\/wp-content\/themes\/sedi-tema\/assets\/svg\/sprites.svg#it-chevron-right\"><\/use><\/svg>\n                                    <span class=\"visually-hidden\">N\u00e4chste Seite<\/span><\/a>                    <\/div>\n                <\/nav>\n            <\/div>   <!--.col-md-12 -->\n              <\/div><!--.row -->\n              \n","protected":false},"excerpt":{"rendered":"","protected":false},"author":1,"featured_media":0,"parent":0,"menu_order":8,"comment_status":"closed","ping_status":"closed","template":"","meta":{"footnotes":""},"class_list":["post-3995","page","type-page","status-publish","hentry"],"_links":{"self":[{"href":"https:\/\/ambberna.esteri.it\/de\/wp-json\/wp\/v2\/pages\/3995","targetHints":{"allow":["GET"]}}],"collection":[{"href":"https:\/\/ambberna.esteri.it\/de\/wp-json\/wp\/v2\/pages"}],"about":[{"href":"https:\/\/ambberna.esteri.it\/de\/wp-json\/wp\/v2\/types\/page"}],"author":[{"embeddable":true,"href":"https:\/\/ambberna.esteri.it\/de\/wp-json\/wp\/v2\/users\/1"}],"replies":[{"embeddable":true,"href":"https:\/\/ambberna.esteri.it\/de\/wp-json\/wp\/v2\/comments?post=3995"}],"version-history":[{"count":1,"href":"https:\/\/ambberna.esteri.it\/de\/wp-json\/wp\/v2\/pages\/3995\/revisions"}],"predecessor-version":[{"id":4000,"href":"https:\/\/ambberna.esteri.it\/de\/wp-json\/wp\/v2\/pages\/3995\/revisions\/4000"}],"wp:attachment":[{"href":"https:\/\/ambberna.esteri.it\/de\/wp-json\/wp\/v2\/media?parent=3995"}],"curies":[{"name":"wp","href":"https:\/\/api.w.org\/{rel}","templated":true}]}}